{"version":"1.0","provider_name":"FuniBlogs - FUNIBER","provider_url":"https:\/\/www.funiber.blog\/pt","title":"Mudan\u00e7as demogr\u00e1ficas prop\u00f5em novos desafios - FuniBlogs - FUNIBER","type":"rich","width":600,"height":338,"html":"<blockquote class=\"wp-embedded-content\" data-secret=\"5uC0A4SYmn\"><a href=\"https:\/\/www.funiber.blog\/pt\/gerontologia\/2012\/06\/29\/mudancas-demograficas-propoem-novos-desafios\">Mudan\u00e7as demogr\u00e1ficas prop\u00f5em novos desafios<\/a><\/blockquote><iframe sandbox=\"allow-scripts\" security=\"restricted\" src=\"https:\/\/www.funiber.blog\/pt\/gerontologia\/2012\/06\/29\/mudancas-demograficas-propoem-novos-desafios\/embed#?secret=5uC0A4SYmn\" width=\"600\" height=\"338\" title=\"&#8220;Mudan\u00e7as demogr\u00e1ficas prop\u00f5em novos desafios&#8221; &#8212; FuniBlogs - FUNIBER\" data-secret=\"5uC0A4SYmn\" frameborder=\"0\" marginwidth=\"0\" marginheight=\"0\" scrolling=\"no\" class=\"wp-embedded-content\"><\/iframe><script type=\"text\/javascript\">\n\/* <![CDATA[ *\/\n\/*! This file is auto-generated *\/\n!function(d,l){\"use strict\";l.querySelector&&d.addEventListener&&\"undefined\"!=typeof URL&&(d.wp=d.wp||{},d.wp.receiveEmbedMessage||(d.wp.receiveEmbedMessage=function(e){var t=e.data;if((t||t.secret||t.message||t.value)&&!\/[^a-zA-Z0-9]\/.test(t.secret)){for(var s,r,n,a=l.querySelectorAll('iframe[data-secret=\"'+t.secret+'\"]'),o=l.querySelectorAll('blockquote[data-secret=\"'+t.secret+'\"]'),c=new RegExp(\"^https?:$\",\"i\"),i=0;i<o.length;i++)o[i].style.display=\"none\";for(i=0;i<a.length;i++)s=a[i],e.source===s.contentWindow&&(s.removeAttribute(\"style\"),\"height\"===t.message?(1e3<(r=parseInt(t.value,10))?r=1e3:~~r<200&&(r=200),s.height=r):\"link\"===t.message&&(r=new URL(s.getAttribute(\"src\")),n=new URL(t.value),c.test(n.protocol))&&n.host===r.host&&l.activeElement===s&&(d.top.location.href=t.value))}},d.addEventListener(\"message\",d.wp.receiveEmbedMessage,!1),l.addEventListener(\"DOMContentLoaded\",function(){for(var e,t,s=l.querySelectorAll(\"iframe.wp-embedded-content\"),r=0;r<s.length;r++)(t=(e=s[r]).getAttribute(\"data-secret\"))||(t=Math.random().toString(36).substring(2,12),e.src+=\"#?secret=\"+t,e.setAttribute(\"data-secret\",t)),e.contentWindow.postMessage({message:\"ready\",secret:t},\"*\")},!1)))}(window,document);\n\/* ]]> *\/\n<\/script>\n","description":"As mudan\u00e7as demogr\u00e1ficas que est\u00e3o ocorrendo no mundo permitir\u00e3o a coexist\u00eancia de quatro ou at\u00e9 cinco gera\u00e7\u00f5es com filia\u00e7\u00f5es diretas. Sob este novo panorama, \u00e9 preciso cuidado para que n\u00e3o ocorram conflitos de interesses dos diversos grupos. Ao inv\u00e9s disso, deveria haver integra\u00e7\u00e3o e solidariedade entre as gera\u00e7\u00f5es, al\u00e9m da valoriza\u00e7\u00e3o do status social dos [&hellip;]"}